{"id":382,"date":"2026-01-14T10:41:08","date_gmt":"2026-01-14T10:41:08","guid":{"rendered":"https:\/\/pilarsimoni.com\/pilar\/"},"modified":"2026-08-22T08:34:19","modified_gmt":"2026-08-22T08:34:19","slug":"pilar","status":"publish","type":"page","link":"https:\/\/pilarsimoni.com\/ca\/pilar\/","title":{"rendered":"Pilar"},"content":{"rendered":"\t\t<div data-elementor-type=\"wp-page\" data-elementor-id=\"382\" class=\"elementor elementor-382 elementor-176\" data-elementor-post-type=\"page\">\n\t\t\t\t<div class=\"elementor-element elementor-element-5c0d997e e-con-full e-flex elementor-invisible e-con e-parent\" data-id=\"5c0d997e\" data-element_type=\"container\" data-e-type=\"container\" data-settings=\"{&quot;background_background&quot;:&quot;gradient&quot;,&quot;animation&quot;:&quot;fadeIn&quot;,&quot;animation_mobile&quot;:&quot;none&quot;}\">\n\t\t<div class=\"elementor-element elementor-element-3ffec2c e-con-full e-flex e-con e-child\" data-id=\"3ffec2c\" data-element_type=\"container\" data-e-type=\"container\">\n\t\t\t\t<div class=\"elementor-element elementor-element-44d0083 elementor-widget elementor-widget-heading\" data-id=\"44d0083\" data-element_type=\"widget\" data-e-type=\"widget\" data-widget_type=\"heading.default\">\n\t\t\t\t\t<h3 class=\"elementor-heading-title elementor-size-default\">Sobre mi<\/h3>\t\t\t\t<\/div>\n\t\t\t\t<div class=\"elementor-element elementor-element-8cbab3d elementor-widget elementor-widget-heading\" data-id=\"8cbab3d\" data-element_type=\"widget\" data-e-type=\"widget\" data-widget_type=\"heading.default\">\n\t\t\t\t\t<h1 class=\"elementor-heading-title elementor-size-default\">Pilar Simoni<\/h1>\t\t\t\t<\/div>\n\t\t\t\t<div class=\"elementor-element elementor-element-e2b07a2 elementor-invisible elementor-widget elementor-widget-text-editor\" data-id=\"e2b07a2\" data-element_type=\"widget\" data-e-type=\"widget\" data-settings=\"{&quot;_animation&quot;:&quot;fadeInUp&quot;,&quot;_animation_delay&quot;:&quot;600&quot;,&quot;_animation_mobile&quot;:&quot;none&quot;}\" data-widget_type=\"text-editor.default\">\n\t\t\t\t\t\t\t\t\t<p>S\u00f3c psic\u00f2loga i terapeuta corporal especialitzada en l&#8217;acompanyament integral de les persones, integrant cos, ment, emoci\u00f3 i energia.<\/p><p>Acompanyo processos de benestar i canvi des de l&#8217;escolta, el tacte conscient i un enfocament respectu\u00f3s i personalitzat.<\/p>\t\t\t\t\t\t\t\t<\/div>\n\t\t\t\t<\/div>\n\t\t<div class=\"elementor-element elementor-element-08fd6c6 e-con-full e-flex e-con e-child\" data-id=\"08fd6c6\" data-element_type=\"container\" data-e-type=\"container\">\n\t\t\t\t<div class=\"elementor-element elementor-element-5bef513 elementor-absolute elementor-hidden-mobile elementor-widget elementor-widget-image\" data-id=\"5bef513\" data-element_type=\"widget\" data-e-type=\"widget\" data-settings=\"{&quot;_position&quot;:&quot;absolute&quot;}\" data-widget_type=\"image.default\">\n\t\t\t\t\t\t\t\t\t\t\t\t\t\t\t<img fetchpriority=\"high\" decoding=\"async\" width=\"562\" height=\"600\" src=\"https:\/\/pilarsimoni.com\/wp-content\/uploads\/2026\/08\/pilar.png\" class=\"attachment-full size-full wp-image-463\" alt=\"\" srcset=\"https:\/\/pilarsimoni.com\/wp-content\/uploads\/2026\/08\/pilar.png 562w, https:\/\/pilarsimoni.com\/wp-content\/uploads\/2026\/08\/pilar-281x300.png 281w\" sizes=\"(max-width: 562px) 100vw, 562px\" \/>\t\t\t\t\t\t\t\t\t\t\t\t\t\t\t<\/div>\n\t\t\t\t<div class=\"elementor-element elementor-element-05dc316 elementor-absolute elementor-hidden-mobile elementor-widget elementor-widget-image\" data-id=\"05dc316\" data-element_type=\"widget\" data-e-type=\"widget\" data-settings=\"{&quot;_position&quot;:&quot;absolute&quot;}\" data-widget_type=\"image.default\">\n\t\t\t\t\t\t\t\t\t\t\t\t\t\t\t<img decoding=\"async\" width=\"951\" height=\"444\" src=\"https:\/\/pilarsimoni.com\/wp-content\/uploads\/2025\/12\/abuot-hero-leaf.png\" class=\"attachment-full size-full wp-image-24\" alt=\"\" srcset=\"https:\/\/pilarsimoni.com\/wp-content\/uploads\/2025\/12\/abuot-hero-leaf.png 951w, https:\/\/pilarsimoni.com\/wp-content\/uploads\/2025\/12\/abuot-hero-leaf-300x140.png 300w, https:\/\/pilarsimoni.com\/wp-content\/uploads\/2025\/12\/abuot-hero-leaf-768x359.png 768w\" sizes=\"(max-width: 951px) 100vw, 951px\" \/>\t\t\t\t\t\t\t\t\t\t\t\t\t\t\t<\/div>\n\t\t\t\t<\/div>\n\t\t\t\t<\/div>\n\t\t<div class=\"elementor-element elementor-element-23908528 e-flex e-con-boxed e-con e-parent\" data-id=\"23908528\" data-element_type=\"container\" data-e-type=\"container\">\n\t\t\t\t\t<div class=\"e-con-inner\">\n\t\t\t\t<div class=\"elementor-element elementor-element-27a5babd elementor-invisible elementor-widget elementor-widget-heading\" data-id=\"27a5babd\" data-element_type=\"widget\" data-e-type=\"widget\" data-settings=\"{&quot;_animation&quot;:&quot;fadeInUp&quot;,&quot;_animation_delay&quot;:&quot;400&quot;,&quot;_animation_mobile&quot;:&quot;none&quot;}\" data-widget_type=\"heading.default\">\n\t\t\t\t\t<h2 class=\"elementor-heading-title elementor-size-default\">Acompanyar des de l'escolta i el respecte<\/h2>\t\t\t\t<\/div>\n\t\t\t\t<div class=\"elementor-element elementor-element-3ed317bc elementor-widget__width-initial elementor-invisible elementor-widget elementor-widget-text-editor\" data-id=\"3ed317bc\" data-element_type=\"widget\" data-e-type=\"widget\" data-settings=\"{&quot;_animation&quot;:&quot;fadeInUp&quot;,&quot;_animation_delay&quot;:&quot;600&quot;,&quot;_animation_mobile&quot;:&quot;none&quot;}\" data-widget_type=\"text-editor.default\">\n\t\t\t\t\t\t\t\t\t<p>Acompanyo les persones des d&#8217;una mirada integral, entenent que el benestar neix quan el cos, la ment i l&#8217;emoci\u00f3 es poden escoltar i trobar equilibri. La meva manera de treballar es basa en la pres\u00e8ncia, el tacte conscient i el respecte profund pels processos individuals.<\/p><p>Cada persona \u00e9s \u00fanica, i per aix\u00f2 cada acompanyament tamb\u00e9 ho \u00e9s. Creo espais segurs on aturar, sentir i connectar amb all\u00f2 que el cos expressa, facilitant processos de cura, canvi i transformaci\u00f3 des de la calma i la confian\u00e7a.<\/p>\t\t\t\t\t\t\t\t<\/div>\n\t\t\t\t\t<\/div>\n\t\t\t\t<\/div>\n\t\t<div class=\"elementor-element elementor-element-4963872 e-flex e-con-boxed e-con e-child\" data-id=\"4963872\" data-element_type=\"container\" data-e-type=\"container\" data-settings=\"{&quot;background_background&quot;:&quot;classic&quot;}\">\n\t\t\t\t\t<div class=\"e-con-inner\">\n\t\t<div class=\"elementor-element elementor-element-ea1d840 e-flex e-con-boxed elementor-invisible e-con e-child\" data-id=\"ea1d840\" data-element_type=\"container\" data-e-type=\"container\" data-settings=\"{&quot;animation&quot;:&quot;fadeInUp&quot;,&quot;animation_delay&quot;:&quot;200&quot;,&quot;animation_mobile&quot;:&quot;none&quot;}\">\n\t\t\t\t\t<div class=\"e-con-inner\">\n\t\t\t\t<div class=\"elementor-element elementor-element-24ba290 elementor-widget elementor-widget-heading\" data-id=\"24ba290\" data-element_type=\"widget\" data-e-type=\"widget\" data-widget_type=\"heading.default\">\n\t\t\t\t\t<h3 class=\"elementor-heading-title elementor-size-default\">Traject\u00f2ria<\/h3>\t\t\t\t<\/div>\n\t\t\t\t<div class=\"elementor-element elementor-element-4848f30 elementor-widget elementor-widget-heading\" data-id=\"4848f30\" data-element_type=\"widget\" data-e-type=\"widget\" data-widget_type=\"heading.default\">\n\t\t\t\t\t<h2 class=\"elementor-heading-title elementor-size-default\">M\u00e9s de dues d\u00e8cades d'experi\u00e8ncia en l'\u00e0mbit de la salut i el benestar<\/h2>\t\t\t\t<\/div>\n\t\t<div class=\"elementor-element elementor-element-e50a76d e-con-full e-flex e-con e-child\" data-id=\"e50a76d\" data-element_type=\"container\" data-e-type=\"container\" data-settings=\"{&quot;background_background&quot;:&quot;classic&quot;}\">\n\t\t\t\t<div class=\"elementor-element elementor-element-49a67fa elementor-widget elementor-widget-text-editor\" data-id=\"49a67fa\" data-element_type=\"widget\" data-e-type=\"widget\" data-widget_type=\"text-editor.default\">\n\t\t\t\t\t\t\t\t\t<p>La meva traject\u00f2ria professional comen\u00e7a l&#8217;any 2000 dins l&#8217;\u00e0mbit de les ter\u00e0pies corporals i el benestar hol\u00edstic. Des de llavors he anat integrant diferents disciplines que m&#8217;han perm\u00e8s desenvolupar un enfocament ampli i coherent, combinant el treball corporal amb la psicologia i la gesti\u00f3 emocional.<\/p><p>S\u00f3c psic\u00f2loga i psicoterapeuta sist\u00e8mica, i al llarg dels anys m&#8217;he format en t\u00e8cniques com el quiromassatge, la reflexologia, el Zero Balancing, la Ter\u00e0pia Integrada Regenerativa (TIR) \u200b\u200bi la Programaci\u00f3 Neuroling\u00fc\u00edstica, entre d&#8217;altres. Aquesta formaci\u00f3 continuada em permet oferir un acompanyament profund i adaptat a les necessitats reals de cada persona.<\/p><p>Actualment atenc a la meva pr\u00f2pia consulta, on integro t\u00e8cniques manuals i psicol\u00f2giques per afavorir el benestar f\u00edsic, emocional i energ\u00e8tic de les persones que acompanyo.<\/p>\t\t\t\t\t\t\t\t<\/div>\n\t\t\t\t<\/div>\n\t\t\t\t\t<\/div>\n\t\t\t\t<\/div>\n\t\t\t\t\t<\/div>\n\t\t\t\t<\/div>\n\t\t<div class=\"elementor-element elementor-element-334932ae e-flex e-con-boxed e-con e-parent\" data-id=\"334932ae\" data-element_type=\"container\" data-e-type=\"container\">\n\t\t\t\t\t<div class=\"e-con-inner\">\n\t\t<div class=\"elementor-element elementor-element-7b4cccb7 e-con-full e-flex elementor-invisible e-con e-child\" data-id=\"7b4cccb7\" data-element_type=\"container\" data-e-type=\"container\" data-settings=\"{&quot;animation&quot;:&quot;fadeInUp&quot;,&quot;animation_delay&quot;:&quot;200&quot;,&quot;animation_mobile&quot;:&quot;none&quot;}\">\n\t\t\t\t<div class=\"elementor-element elementor-element-335b7b0c elementor-widget elementor-widget-heading\" data-id=\"335b7b0c\" data-element_type=\"widget\" data-e-type=\"widget\" data-widget_type=\"heading.default\">\n\t\t\t\t\t<h3 class=\"elementor-heading-title elementor-size-default\">els meus valors<\/h3>\t\t\t\t<\/div>\n\t\t\t\t<div class=\"elementor-element elementor-element-4881fc68 elementor-widget__width-initial elementor-widget elementor-widget-heading\" data-id=\"4881fc68\" data-element_type=\"widget\" data-e-type=\"widget\" data-widget_type=\"heading.default\">\n\t\t\t\t\t<h2 class=\"elementor-heading-title elementor-size-default\">Una manera d'acompanyar propera, conscient i personalitzada<\/h2>\t\t\t\t<\/div>\n\t\t\t\t<\/div>\n\t\t<div class=\"elementor-element elementor-element-6f11bf6 e-con-full e-flex elementor-invisible e-con e-child\" data-id=\"6f11bf6\" data-element_type=\"container\" data-e-type=\"container\" data-settings=\"{&quot;animation&quot;:&quot;fadeInUp&quot;,&quot;animation_delay&quot;:&quot;400&quot;,&quot;animation_mobile&quot;:&quot;none&quot;}\">\n\t\t\t\t<div class=\"elementor-element elementor-element-659ec7f3 elementor-widget__width-initial elementor-widget-mobile__width-inherit elementor-widget elementor-widget-image\" data-id=\"659ec7f3\" data-element_type=\"widget\" data-e-type=\"widget\" data-widget_type=\"image.default\">\n\t\t\t\t\t\t\t\t\t\t\t\t\t\t\t<img decoding=\"async\" width=\"800\" height=\"800\" src=\"https:\/\/pilarsimoni.com\/wp-content\/uploads\/2026\/01\/Diseno-sin-titulo-2026-01-14T115758.661.jpg\" class=\"attachment-full size-full wp-image-383\" alt=\"\" srcset=\"https:\/\/pilarsimoni.com\/wp-content\/uploads\/2026\/01\/Diseno-sin-titulo-2026-01-14T115758.661.jpg 800w, https:\/\/pilarsimoni.com\/wp-content\/uploads\/2026\/01\/Diseno-sin-titulo-2026-01-14T115758.661-300x300.jpg 300w, https:\/\/pilarsimoni.com\/wp-content\/uploads\/2026\/01\/Diseno-sin-titulo-2026-01-14T115758.661-150x150.jpg 150w, https:\/\/pilarsimoni.com\/wp-content\/uploads\/2026\/01\/Diseno-sin-titulo-2026-01-14T115758.661-768x768.jpg 768w\" sizes=\"(max-width: 800px) 100vw, 800px\" \/>\t\t\t\t\t\t\t\t\t\t\t\t\t\t\t<\/div>\n\t\t<div class=\"elementor-element elementor-element-2852880d e-con-full e-flex elementor-invisible e-con e-child\" data-id=\"2852880d\" data-element_type=\"container\" data-e-type=\"container\" data-settings=\"{&quot;animation&quot;:&quot;fadeInUp&quot;,&quot;animation_delay&quot;:&quot;800&quot;,&quot;animation_mobile&quot;:&quot;none&quot;}\">\n\t\t\t\t<div class=\"elementor-element elementor-element-1ff63aba elementor-widget elementor-widget-image\" data-id=\"1ff63aba\" data-element_type=\"widget\" data-e-type=\"widget\" data-widget_type=\"image.default\">\n\t\t\t\t\t\t\t\t\t\t\t\t\t\t\t<img loading=\"lazy\" decoding=\"async\" width=\"54\" height=\"47\" src=\"https:\/\/pilarsimoni.com\/wp-content\/uploads\/2025\/12\/unnamed-file.png\" class=\"attachment-large size-large wp-image-35\" alt=\"\" \/>\t\t\t\t\t\t\t\t\t\t\t\t\t\t\t<\/div>\n\t\t\t\t<div class=\"elementor-element elementor-element-7dfa11ae elementor-widget__width-initial elementor-widget elementor-widget-heading\" data-id=\"7dfa11ae\" data-element_type=\"widget\" data-e-type=\"widget\" data-widget_type=\"heading.default\">\n\t\t\t\t\t<h6 class=\"elementor-heading-title elementor-size-default\">Acompanyar \u00e9s la meva manera d'estar al m\u00f3n: escoltar, cuidar i caminar al costat de cada persona en el proc\u00e9s<\/h6>\t\t\t\t<\/div>\n\t\t\t\t<div class=\"elementor-element elementor-element-35c28246 elementor-widget elementor-widget-spacer\" data-id=\"35c28246\" data-element_type=\"widget\" data-e-type=\"widget\" data-widget_type=\"spacer.default\">\n\t\t\t\t\t\t\t<div class=\"elementor-spacer\">\n\t\t\t<div class=\"elementor-spacer-inner\"><\/div>\n\t\t<\/div>\n\t\t\t\t\t\t<\/div>\n\t\t\t\t<div class=\"elementor-element elementor-element-36af39ce elementor-widget__width-initial elementor-widget elementor-widget-text-editor\" data-id=\"36af39ce\" data-element_type=\"widget\" data-e-type=\"widget\" data-widget_type=\"text-editor.default\">\n\t\t\t\t\t\t\t\t\t<p>No treballo amb protocols tancats ni solucions est\u00e0ndard. La meva manera d\u00b4acompanyar es basa en l\u00b4escolta, la pres\u00e8ncia i el respecte pel ritme de cada persona. Entenc el proc\u00e9s terap\u00e8utic com un cam\u00ed compartit, on el cos t\u00e9 un paper fonamental com a guia i font d&#8217;informaci\u00f3.<\/p><p>El meu comprom\u00eds \u00e9s oferir un acompanyament honest, hum\u00e0 i professional, creant un espai de confian\u00e7a on cada persona pugui sentir-se cuidada, compresa i acompanyada en el proc\u00e9s de benestar.<\/p>\t\t\t\t\t\t\t\t<\/div>\n\t\t\t\t<\/div>\n\t\t\t\t<div class=\"elementor-element elementor-element-3c8c72f5 elementor-absolute elementor-hidden-mobile elementor-widget elementor-widget-image\" data-id=\"3c8c72f5\" data-element_type=\"widget\" data-e-type=\"widget\" data-settings=\"{&quot;_position&quot;:&quot;absolute&quot;}\" data-widget_type=\"image.default\">\n\t\t\t\t\t\t\t\t\t\t\t\t\t\t\t<img loading=\"lazy\" decoding=\"async\" width=\"645\" height=\"570\" src=\"https:\/\/pilarsimoni.com\/wp-content\/uploads\/2025\/12\/story_leaf.png\" class=\"attachment-large size-large wp-image-79\" alt=\"\" srcset=\"https:\/\/pilarsimoni.com\/wp-content\/uploads\/2025\/12\/story_leaf.png 645w, https:\/\/pilarsimoni.com\/wp-content\/uploads\/2025\/12\/story_leaf-300x265.png 300w\" sizes=\"(max-width: 645px) 100vw, 645px\" \/>\t\t\t\t\t\t\t\t\t\t\t\t\t\t\t<\/div>\n\t\t\t\t<\/div>\n\t\t\t\t\t<\/div>\n\t\t\t\t<\/div>\n\t\t\t\t<\/div>\n\t\t","protected":false},"excerpt":{"rendered":"<p>Sobre mi Pilar Simoni S\u00f3c psic\u00f2loga i terapeuta corporal especialitzada en l&#8217;acompanyament integral de les persones, integrant cos, ment, emoci\u00f3 i energia. Acompanyo processos de benestar i canvi des de l&#8217;escolta, el tacte conscient i un enfocament respectu\u00f3s i personalitzat. Acompanyar des de l&#8217;escolta i el respecte Acompanyo les persones des d&#8217;una mirada integral, entenent [&hellip;]<\/p>\n","protected":false},"author":1,"featured_media":0,"parent":0,"menu_order":0,"comment_status":"closed","ping_status":"closed","template":"","meta":{"footnotes":""},"class_list":["post-382","page","type-page","status-publish","hentry"],"yoast_head":"<!-- This site is optimized with the Yoast SEO plugin v28.3 - https:\/\/yoast.com\/product\/yoast-seo-wordpress\/ -->\n<title>Pilar - pilarsimoni.com<\/title>\n<meta name=\"robots\" content=\"index, follow, max-snippet:-1, max-image-preview:large, max-video-preview:-1\" \/>\n<link rel=\"canonical\" href=\"https:\/\/pilarsimoni.com\/ca\/pilar\/\" \/>\n<meta property=\"og:locale\" content=\"ca_ES\" \/>\n<meta property=\"og:type\" content=\"article\" \/>\n<meta property=\"og:title\" content=\"Pilar - pilarsimoni.com\" \/>\n<meta property=\"og:description\" content=\"Sobre mi Pilar Simoni S\u00f3c psic\u00f2loga i terapeuta corporal especialitzada en l&#8217;acompanyament integral de les persones, integrant cos, ment, emoci\u00f3 i energia. Acompanyo processos de benestar i canvi des de l&#8217;escolta, el tacte conscient i un enfocament respectu\u00f3s i personalitzat. Acompanyar des de l&#8217;escolta i el respecte Acompanyo les persones des d&#8217;una mirada integral, entenent [&hellip;]\" \/>\n<meta property=\"og:url\" content=\"https:\/\/pilarsimoni.com\/ca\/pilar\/\" \/>\n<meta property=\"og:site_name\" content=\"pilarsimoni.com\" \/>\n<meta property=\"article:modified_time\" content=\"2026-08-22T08:34:19+00:00\" \/>\n<meta property=\"og:image\" content=\"https:\/\/pilarsimoni.com\/wp-content\/uploads\/2026\/08\/pilar.png\" \/>\n\t<meta property=\"og:image:width\" content=\"562\" \/>\n\t<meta property=\"og:image:height\" content=\"600\" \/>\n\t<meta property=\"og:image:type\" content=\"image\/png\" \/>\n<meta name=\"twitter:card\" content=\"summary_large_image\" \/>\n<meta name=\"twitter:label1\" content=\"Temps estimat de lectura\" \/>\n\t<meta name=\"twitter:data1\" content=\"3 minuts\" \/>\n<script type=\"application\/ld+json\" class=\"yoast-schema-graph\">{\"@context\":\"https:\\\/\\\/schema.org\",\"@graph\":[{\"@type\":\"WebPage\",\"@id\":\"https:\\\/\\\/pilarsimoni.com\\\/ca\\\/pilar\\\/\",\"url\":\"https:\\\/\\\/pilarsimoni.com\\\/ca\\\/pilar\\\/\",\"name\":\"Pilar - pilarsimoni.com\",\"isPartOf\":{\"@id\":\"https:\\\/\\\/pilarsimoni.com\\\/#website\"},\"primaryImageOfPage\":{\"@id\":\"https:\\\/\\\/pilarsimoni.com\\\/ca\\\/pilar\\\/#primaryimage\"},\"image\":{\"@id\":\"https:\\\/\\\/pilarsimoni.com\\\/ca\\\/pilar\\\/#primaryimage\"},\"thumbnailUrl\":\"https:\\\/\\\/pilarsimoni.com\\\/wp-content\\\/uploads\\\/2026\\\/08\\\/pilar.png\",\"datePublished\":\"2026-01-14T10:41:08+00:00\",\"dateModified\":\"2026-08-22T08:34:19+00:00\",\"breadcrumb\":{\"@id\":\"https:\\\/\\\/pilarsimoni.com\\\/ca\\\/pilar\\\/#breadcrumb\"},\"inLanguage\":\"ca\",\"potentialAction\":[{\"@type\":\"ReadAction\",\"target\":[\"https:\\\/\\\/pilarsimoni.com\\\/ca\\\/pilar\\\/\"]}]},{\"@type\":\"ImageObject\",\"inLanguage\":\"ca\",\"@id\":\"https:\\\/\\\/pilarsimoni.com\\\/ca\\\/pilar\\\/#primaryimage\",\"url\":\"https:\\\/\\\/pilarsimoni.com\\\/wp-content\\\/uploads\\\/2026\\\/08\\\/pilar.png\",\"contentUrl\":\"https:\\\/\\\/pilarsimoni.com\\\/wp-content\\\/uploads\\\/2026\\\/08\\\/pilar.png\"},{\"@type\":\"BreadcrumbList\",\"@id\":\"https:\\\/\\\/pilarsimoni.com\\\/ca\\\/pilar\\\/#breadcrumb\",\"itemListElement\":[{\"@type\":\"ListItem\",\"position\":1,\"name\":\"Home\",\"item\":\"https:\\\/\\\/pilarsimoni.com\\\/ca\\\/\"},{\"@type\":\"ListItem\",\"position\":2,\"name\":\"Pilar\"}]},{\"@type\":\"WebSite\",\"@id\":\"https:\\\/\\\/pilarsimoni.com\\\/#website\",\"url\":\"https:\\\/\\\/pilarsimoni.com\\\/\",\"name\":\"pilarsimoni.com\",\"description\":\"\",\"potentialAction\":[{\"@type\":\"SearchAction\",\"target\":{\"@type\":\"EntryPoint\",\"urlTemplate\":\"https:\\\/\\\/pilarsimoni.com\\\/?s={search_term_string}\"},\"query-input\":{\"@type\":\"PropertyValueSpecification\",\"valueRequired\":true,\"valueName\":\"search_term_string\"}}],\"inLanguage\":\"ca\"}]}<\/script>\n<!-- \/ Yoast SEO plugin. -->","yoast_head_json":{"title":"Pilar - pilarsimoni.com","robots":{"index":"index","follow":"follow","max-snippet":"max-snippet:-1","max-image-preview":"max-image-preview:large","max-video-preview":"max-video-preview:-1"},"canonical":"https:\/\/pilarsimoni.com\/ca\/pilar\/","og_locale":"ca_ES","og_type":"article","og_title":"Pilar - pilarsimoni.com","og_description":"Sobre mi Pilar Simoni S\u00f3c psic\u00f2loga i terapeuta corporal especialitzada en l&#8217;acompanyament integral de les persones, integrant cos, ment, emoci\u00f3 i energia. Acompanyo processos de benestar i canvi des de l&#8217;escolta, el tacte conscient i un enfocament respectu\u00f3s i personalitzat. Acompanyar des de l&#8217;escolta i el respecte Acompanyo les persones des d&#8217;una mirada integral, entenent [&hellip;]","og_url":"https:\/\/pilarsimoni.com\/ca\/pilar\/","og_site_name":"pilarsimoni.com","article_modified_time":"2026-08-22T08:34:19+00:00","og_image":[{"width":562,"height":600,"url":"https:\/\/pilarsimoni.com\/wp-content\/uploads\/2026\/08\/pilar.png","type":"image\/png"}],"twitter_card":"summary_large_image","twitter_misc":{"Temps estimat de lectura":"3 minuts"},"schema":{"@context":"https:\/\/schema.org","@graph":[{"@type":"WebPage","@id":"https:\/\/pilarsimoni.com\/ca\/pilar\/","url":"https:\/\/pilarsimoni.com\/ca\/pilar\/","name":"Pilar - pilarsimoni.com","isPartOf":{"@id":"https:\/\/pilarsimoni.com\/#website"},"primaryImageOfPage":{"@id":"https:\/\/pilarsimoni.com\/ca\/pilar\/#primaryimage"},"image":{"@id":"https:\/\/pilarsimoni.com\/ca\/pilar\/#primaryimage"},"thumbnailUrl":"https:\/\/pilarsimoni.com\/wp-content\/uploads\/2026\/08\/pilar.png","datePublished":"2026-01-14T10:41:08+00:00","dateModified":"2026-08-22T08:34:19+00:00","breadcrumb":{"@id":"https:\/\/pilarsimoni.com\/ca\/pilar\/#breadcrumb"},"inLanguage":"ca","potentialAction":[{"@type":"ReadAction","target":["https:\/\/pilarsimoni.com\/ca\/pilar\/"]}]},{"@type":"ImageObject","inLanguage":"ca","@id":"https:\/\/pilarsimoni.com\/ca\/pilar\/#primaryimage","url":"https:\/\/pilarsimoni.com\/wp-content\/uploads\/2026\/08\/pilar.png","contentUrl":"https:\/\/pilarsimoni.com\/wp-content\/uploads\/2026\/08\/pilar.png"},{"@type":"BreadcrumbList","@id":"https:\/\/pilarsimoni.com\/ca\/pilar\/#breadcrumb","itemListElement":[{"@type":"ListItem","position":1,"name":"Home","item":"https:\/\/pilarsimoni.com\/ca\/"},{"@type":"ListItem","position":2,"name":"Pilar"}]},{"@type":"WebSite","@id":"https:\/\/pilarsimoni.com\/#website","url":"https:\/\/pilarsimoni.com\/","name":"pilarsimoni.com","description":"","potentialAction":[{"@type":"SearchAction","target":{"@type":"EntryPoint","urlTemplate":"https:\/\/pilarsimoni.com\/?s={search_term_string}"},"query-input":{"@type":"PropertyValueSpecification","valueRequired":true,"valueName":"search_term_string"}}],"inLanguage":"ca"}]}},"_hostinger_reach_plugin_has_subscription_block":false,"_hostinger_reach_plugin_is_elementor":false,"_links":{"self":[{"href":"https:\/\/pilarsimoni.com\/ca\/wp-json\/wp\/v2\/pages\/382","targetHints":{"allow":["GET"]}}],"collection":[{"href":"https:\/\/pilarsimoni.com\/ca\/wp-json\/wp\/v2\/pages"}],"about":[{"href":"https:\/\/pilarsimoni.com\/ca\/wp-json\/wp\/v2\/types\/page"}],"author":[{"embeddable":true,"href":"https:\/\/pilarsimoni.com\/ca\/wp-json\/wp\/v2\/users\/1"}],"replies":[{"embeddable":true,"href":"https:\/\/pilarsimoni.com\/ca\/wp-json\/wp\/v2\/comments?post=382"}],"version-history":[{"count":13,"href":"https:\/\/pilarsimoni.com\/ca\/wp-json\/wp\/v2\/pages\/382\/revisions"}],"predecessor-version":[{"id":650,"href":"https:\/\/pilarsimoni.com\/ca\/wp-json\/wp\/v2\/pages\/382\/revisions\/650"}],"wp:attachment":[{"href":"https:\/\/pilarsimoni.com\/ca\/wp-json\/wp\/v2\/media?parent=382"}],"curies":[{"name":"wp","href":"https:\/\/api.w.org\/{rel}","templated":true}]}}